{"id":1290,"date":"2019-01-11T11:11:54","date_gmt":"2019-01-11T11:11:54","guid":{"rendered":"http:\/\/www.lanaldi.es\/eu\/wp-content\/uploads\/sites\/6\/2019\/01\/Claudia-Larrad-Colegio-Sagrado-Coraz\u00f3n-Carmelitas-Koro-Allende-Letona-Fundaci\u00f3n-Novia-Salcedo.jpeg"},"modified":"2019-01-11T11:30:47","modified_gmt":"2019-01-11T11:30:47","slug":"claudia-larrad-colegio-sagrado-corazon-carmelitas-koro-allende-letona-fundacion-novia-salcedo","status":"inherit","type":"attachment","link":"http:\/\/www.lanaldi.es\/eu\/esperientziak\/claudia-larrad-colegio-sagrado-corazon-carmelitas-koro-allende-letona-fundacion-novia-salcedo\/#main","title":{"rendered":"Claudia Larrad (Sagrado Coraz\u00f3n Carmelitas Ikastetxea)- Koro Allende Letona (Fundaci\u00f3n Novia Salcedo)"},"author":8,"featured_media":0,"comment_status":"open","ping_status":"closed","template":"","meta":{"jetpack_post_was_ever_published":false},"class_list":["post-1290","attachment","type-attachment","status-inherit","hentry"],"jetpack_sharing_enabled":true,"jetpack_shortlink":"https:\/\/wp.me\/a7coEX-kO","description":{"rendered":"<p class=\"attachment\"><a href=\"https:\/\/i0.wp.com\/www.lanaldi.es\/eu\/wp-content\/uploads\/sites\/6\/2019\/01\/Claudia-Larrad-Colegio-Sagrado-Coraz%C3%B3n-Carmelitas-Koro-Allende-Letona-Fundaci%C3%B3n-Novia-Salcedo.jpeg\"><img loading=\"lazy\" decoding=\"async\" width=\"225\" height=\"300\" src=\"https:\/\/i0.wp.com\/www.lanaldi.es\/eu\/wp-content\/uploads\/sites\/6\/2019\/01\/Claudia-Larrad-Colegio-Sagrado-Coraz%C3%B3n-Carmelitas-Koro-Allende-Letona-Fundaci%C3%B3n-Novia-Salcedo.jpeg?fit=225%2C300\" class=\"attachment-medium size-medium\" alt=\"Claudia Larrad (Sagrado Coraz\u00f3n Carmelitas Ikastetxea)- Koro Allende Letona (Fundaci\u00f3n Novia Salcedo)\" data-attachment-id=\"1290\" data-permalink=\"http:\/\/www.lanaldi.es\/eu\/esperientziak\/claudia-larrad-colegio-sagrado-corazon-carmelitas-koro-allende-letona-fundacion-novia-salcedo\/#main\" data-orig-file=\"https:\/\/i0.wp.com\/www.lanaldi.es\/eu\/wp-content\/uploads\/sites\/6\/2019\/01\/Claudia-Larrad-Colegio-Sagrado-Coraz%C3%B3n-Carmelitas-Koro-Allende-Letona-Fundaci%C3%B3n-Novia-Salcedo.jpeg?fit=1200%2C1600\" data-orig-size=\"1200,1600\" data-comments-opened=\"1\" data-image-meta=\"{&quot;aperture&quot;:&quot;0&quot;,&quot;credit&quot;:&quot;&quot;,&quot;camera&quot;:&quot;&quot;,&quot;caption&quot;:&quot;&quot;,&quot;created_timestamp&quot;:&quot;0&quot;,&quot;copyright&quot;:&quot;&quot;,&quot;focal_length&quot;:&quot;0&quot;,&quot;iso&quot;:&quot;0&quot;,&quot;shutter_speed&quot;:&quot;0&quot;,&quot;title&quot;:&quot;&quot;,&quot;orientation&quot;:&quot;0&quot;}\" data-image-title=\"Claudia Larrad (Sagrado Coraz\u00f3n Carmelitas Ikastetxea)- Koro Allende Letona (Fundaci\u00f3n Novia Salcedo)\" data-image-description=\"&lt;p&gt;Claudia Larrad (Sagrado Coraz\u00f3n Carmelitas Ikastetxea)- Koro Allende Letona (Fundaci\u00f3n Novia Salcedo)&lt;\/p&gt;\n\" data-image-caption=\"&lt;p&gt;Claudia Larrad (Sagrado Coraz\u00f3n Carmelitas Ikastetxea)- Koro Allende Letona (Fundaci\u00f3n Novia Salcedo)&lt;\/p&gt;\n\" data-large-file=\"https:\/\/i0.wp.com\/www.lanaldi.es\/eu\/wp-content\/uploads\/sites\/6\/2019\/01\/Claudia-Larrad-Colegio-Sagrado-Coraz%C3%B3n-Carmelitas-Koro-Allende-Letona-Fundaci%C3%B3n-Novia-Salcedo.jpeg?fit=768%2C1024\" \/><\/a><\/p>\n<p>Claudia Larrad (Sagrado Coraz\u00f3n Carmelitas Ikastetxea)- Koro Allende Letona (Fundaci\u00f3n Novia Salcedo)<\/p>\n"},"caption":{"rendered":"<p>Claudia Larrad (Sagrado Coraz\u00f3n Carmelitas Ikastetxea)- Koro Allende Letona (Fundaci\u00f3n Novia Salcedo)<\/p>\n"},"alt_text":"Claudia Larrad (Sagrado Coraz\u00f3n Carmelitas Ikastetxea)- Koro Allende Letona (Fundaci\u00f3n Novia Salcedo)","media_type":"image","mime_type":"image\/jpeg","media_details":{"width":1200,"height":1600,"file":"2019\/01\/Claudia-Larrad-Colegio-Sagrado-Coraz\u00f3n-Carmelitas-Koro-Allende-Letona-Fundaci\u00f3n-Novia-Salcedo.jpeg","sizes":{"thumbnail":{"file":"Claudia-Larrad-Colegio-Sagrado-Coraz\u00f3n-Carmelitas-Koro-Allende-Letona-Fundaci\u00f3n-Novia-Salcedo-150x150.jpeg","width":150,"height":150,"mime_type":"image\/jpeg","source_url":"https:\/\/i0.wp.com\/www.lanaldi.es\/eu\/wp-content\/uploads\/sites\/6\/2019\/01\/Claudia-Larrad-Colegio-Sagrado-Coraz%C3%B3n-Carmelitas-Koro-Allende-Letona-Fundaci%C3%B3n-Novia-Salcedo.jpeg?resize=150%2C150"},"medium":{"file":"Claudia-Larrad-Colegio-Sagrado-Coraz\u00f3n-Carmelitas-Koro-Allende-Letona-Fundaci\u00f3n-Novia-Salcedo-225x300.jpeg","width":225,"height":300,"mime_type":"image\/jpeg","source_url":"https:\/\/i0.wp.com\/www.lanaldi.es\/eu\/wp-content\/uploads\/sites\/6\/2019\/01\/Claudia-Larrad-Colegio-Sagrado-Coraz%C3%B3n-Carmelitas-Koro-Allende-Letona-Fundaci%C3%B3n-Novia-Salcedo.jpeg?fit=225%2C300"},"medium_large":{"file":"Claudia-Larrad-Colegio-Sagrado-Coraz\u00f3n-Carmelitas-Koro-Allende-Letona-Fundaci\u00f3n-Novia-Salcedo-768x1024.jpeg","width":768,"height":1024,"mime_type":"image\/jpeg","source_url":"https:\/\/i0.wp.com\/www.lanaldi.es\/eu\/wp-content\/uploads\/sites\/6\/2019\/01\/Claudia-Larrad-Colegio-Sagrado-Coraz%C3%B3n-Carmelitas-Koro-Allende-Letona-Fundaci%C3%B3n-Novia-Salcedo.jpeg?fit=768%2C1024"},"large":{"file":"Claudia-Larrad-Colegio-Sagrado-Coraz\u00f3n-Carmelitas-Koro-Allende-Letona-Fundaci\u00f3n-Novia-Salcedo-768x1024.jpeg","width":768,"height":1024,"mime_type":"image\/jpeg","source_url":"https:\/\/i0.wp.com\/www.lanaldi.es\/eu\/wp-content\/uploads\/sites\/6\/2019\/01\/Claudia-Larrad-Colegio-Sagrado-Coraz%C3%B3n-Carmelitas-Koro-Allende-Letona-Fundaci%C3%B3n-Novia-Salcedo.jpeg?fit=768%2C1024"},"column1-1\/1":{"file":"Claudia-Larrad-Colegio-Sagrado-Coraz\u00f3n-Carmelitas-Koro-Allende-Letona-Fundaci\u00f3n-Novia-Salcedo-1140x1140.jpeg","width":1140,"height":1140,"mime_type":"image\/jpeg","source_url":"https:\/\/i0.wp.com\/www.lanaldi.es\/eu\/wp-content\/uploads\/sites\/6\/2019\/01\/Claudia-Larrad-Colegio-Sagrado-Coraz%C3%B3n-Carmelitas-Koro-Allende-Letona-Fundaci%C3%B3n-Novia-Salcedo.jpeg?resize=1140%2C1140"},"column1-1\/2":{"file":"Claudia-Larrad-Colegio-Sagrado-Coraz\u00f3n-Carmelitas-Koro-Allende-Letona-Fundaci\u00f3n-Novia-Salcedo-1140x570.jpeg","width":1140,"height":570,"mime_type":"image\/jpeg","source_url":"https:\/\/i0.wp.com\/www.lanaldi.es\/eu\/wp-content\/uploads\/sites\/6\/2019\/01\/Claudia-Larrad-Colegio-Sagrado-Coraz%C3%B3n-Carmelitas-Koro-Allende-Letona-Fundaci%C3%B3n-Novia-Salcedo.jpeg?resize=1140%2C570"},"column1-1\/3":{"file":"Claudia-Larrad-Colegio-Sagrado-Coraz\u00f3n-Carmelitas-Koro-Allende-Letona-Fundaci\u00f3n-Novia-Salcedo-1140x380.jpeg","width":1140,"height":380,"mime_type":"image\/jpeg","source_url":"https:\/\/i0.wp.com\/www.lanaldi.es\/eu\/wp-content\/uploads\/sites\/6\/2019\/01\/Claudia-Larrad-Colegio-Sagrado-Coraz%C3%B3n-Carmelitas-Koro-Allende-Letona-Fundaci%C3%B3n-Novia-Salcedo.jpeg?resize=1140%2C380"},"column1-2\/3":{"file":"Claudia-Larrad-Colegio-Sagrado-Coraz\u00f3n-Carmelitas-Koro-Allende-Letona-Fundaci\u00f3n-Novia-Salcedo-1140x760.jpeg","width":1140,"height":760,"mime_type":"image\/jpeg","source_url":"https:\/\/i0.wp.com\/www.lanaldi.es\/eu\/wp-content\/uploads\/sites\/6\/2019\/01\/Claudia-Larrad-Colegio-Sagrado-Coraz%C3%B3n-Carmelitas-Koro-Allende-Letona-Fundaci%C3%B3n-Novia-Salcedo.jpeg?resize=1140%2C760"},"column1-1\/4":{"file":"Claudia-Larrad-Colegio-Sagrado-Coraz\u00f3n-Carmelitas-Koro-Allende-Letona-Fundaci\u00f3n-Novia-Salcedo-1140x285.jpeg","width":1140,"height":285,"mime_type":"image\/jpeg","source_url":"https:\/\/i0.wp.com\/www.lanaldi.es\/eu\/wp-content\/uploads\/sites\/6\/2019\/01\/Claudia-Larrad-Colegio-Sagrado-Coraz%C3%B3n-Carmelitas-Koro-Allende-Letona-Fundaci%C3%B3n-Novia-Salcedo.jpeg?resize=1140%2C285"},"column1-3\/4":{"file":"Claudia-Larrad-Colegio-Sagrado-Coraz\u00f3n-Carmelitas-Koro-Allende-Letona-Fundaci\u00f3n-Novia-Salcedo-1140x855.jpeg","width":1140,"height":855,"mime_type":"image\/jpeg","source_url":"https:\/\/i0.wp.com\/www.lanaldi.es\/eu\/wp-content\/uploads\/sites\/6\/2019\/01\/Claudia-Larrad-Colegio-Sagrado-Coraz%C3%B3n-Carmelitas-Koro-Allende-Letona-Fundaci%C3%B3n-Novia-Salcedo.jpeg?resize=1140%2C855"},"column1-1\/5":{"file":"Claudia-Larrad-Colegio-Sagrado-Coraz\u00f3n-Carmelitas-Koro-Allende-Letona-Fundaci\u00f3n-Novia-Salcedo-1140x228.jpeg","width":1140,"height":228,"mime_type":"image\/jpeg","source_url":"https:\/\/i0.wp.com\/www.lanaldi.es\/eu\/wp-content\/uploads\/sites\/6\/2019\/01\/Claudia-Larrad-Colegio-Sagrado-Coraz%C3%B3n-Carmelitas-Koro-Allende-Letona-Fundaci%C3%B3n-Novia-Salcedo.jpeg?resize=1140%2C228"},"column1-2\/5":{"file":"Claudia-Larrad-Colegio-Sagrado-Coraz\u00f3n-Carmelitas-Koro-Allende-Letona-Fundaci\u00f3n-Novia-Salcedo-1140x456.jpeg","width":1140,"height":456,"mime_type":"image\/jpeg","source_url":"https:\/\/i0.wp.com\/www.lanaldi.es\/eu\/wp-content\/uploads\/sites\/6\/2019\/01\/Claudia-Larrad-Colegio-Sagrado-Coraz%C3%B3n-Carmelitas-Koro-Allende-Letona-Fundaci%C3%B3n-Novia-Salcedo.jpeg?resize=1140%2C456"},"column1-3\/5":{"file":"Claudia-Larrad-Colegio-Sagrado-Coraz\u00f3n-Carmelitas-Koro-Allende-Letona-Fundaci\u00f3n-Novia-Salcedo-1140x684.jpeg","width":1140,"height":684,"mime_type":"image\/jpeg","source_url":"https:\/\/i0.wp.com\/www.lanaldi.es\/eu\/wp-content\/uploads\/sites\/6\/2019\/01\/Claudia-Larrad-Colegio-Sagrado-Coraz%C3%B3n-Carmelitas-Koro-Allende-Letona-Fundaci%C3%B3n-Novia-Salcedo.jpeg?resize=1140%2C684"},"column1-4\/5":{"file":"Claudia-Larrad-Colegio-Sagrado-Coraz\u00f3n-Carmelitas-Koro-Allende-Letona-Fundaci\u00f3n-Novia-Salcedo-1140x912.jpeg","width":1140,"height":912,"mime_type":"image\/jpeg","source_url":"https:\/\/i0.wp.com\/www.lanaldi.es\/eu\/wp-content\/uploads\/sites\/6\/2019\/01\/Claudia-Larrad-Colegio-Sagrado-Coraz%C3%B3n-Carmelitas-Koro-Allende-Letona-Fundaci%C3%B3n-Novia-Salcedo.jpeg?resize=1140%2C912"},"column2-1\/1":{"file":"Claudia-Larrad-Colegio-Sagrado-Coraz\u00f3n-Carmelitas-Koro-Allende-Letona-Fundaci\u00f3n-Novia-Salcedo-570x570.jpeg","width":570,"height":570,"mime_type":"image\/jpeg","source_url":"https:\/\/i0.wp.com\/www.lanaldi.es\/eu\/wp-content\/uploads\/sites\/6\/2019\/01\/Claudia-Larrad-Colegio-Sagrado-Coraz%C3%B3n-Carmelitas-Koro-Allende-Letona-Fundaci%C3%B3n-Novia-Salcedo.jpeg?resize=570%2C570"},"column2-1\/2":{"file":"Claudia-Larrad-Colegio-Sagrado-Coraz\u00f3n-Carmelitas-Koro-Allende-Letona-Fundaci\u00f3n-Novia-Salcedo-570x285.jpeg","width":570,"height":285,"mime_type":"image\/jpeg","source_url":"https:\/\/i0.wp.com\/www.lanaldi.es\/eu\/wp-content\/uploads\/sites\/6\/2019\/01\/Claudia-Larrad-Colegio-Sagrado-Coraz%C3%B3n-Carmelitas-Koro-Allende-Letona-Fundaci%C3%B3n-Novia-Salcedo.jpeg?resize=570%2C285"},"column2-1\/3":{"file":"Claudia-Larrad-Colegio-Sagrado-Coraz\u00f3n-Carmelitas-Koro-Allende-Letona-Fundaci\u00f3n-Novia-Salcedo-570x190.jpeg","width":570,"height":190,"mime_type":"image\/jpeg","source_url":"https:\/\/i0.wp.com\/www.lanaldi.es\/eu\/wp-content\/uploads\/sites\/6\/2019\/01\/Claudia-Larrad-Colegio-Sagrado-Coraz%C3%B3n-Carmelitas-Koro-Allende-Letona-Fundaci%C3%B3n-Novia-Salcedo.jpeg?resize=570%2C190"},"column2-2\/3":{"file":"Claudia-Larrad-Colegio-Sagrado-Coraz\u00f3n-Carmelitas-Koro-Allende-Letona-Fundaci\u00f3n-Novia-Salcedo-570x380.jpeg","width":570,"height":380,"mime_type":"image\/jpeg","source_url":"https:\/\/i0.wp.com\/www.lanaldi.es\/eu\/wp-content\/uploads\/sites\/6\/2019\/01\/Claudia-Larrad-Colegio-Sagrado-Coraz%C3%B3n-Carmelitas-Koro-Allende-Letona-Fundaci%C3%B3n-Novia-Salcedo.jpeg?resize=570%2C380"},"column2-1\/4":{"file":"Claudia-Larrad-Colegio-Sagrado-Coraz\u00f3n-Carmelitas-Koro-Allende-Letona-Fundaci\u00f3n-Novia-Salcedo-570x143.jpeg","width":570,"height":143,"mime_type":"image\/jpeg","source_url":"https:\/\/i0.wp.com\/www.lanaldi.es\/eu\/wp-content\/uploads\/sites\/6\/2019\/01\/Claudia-Larrad-Colegio-Sagrado-Coraz%C3%B3n-Carmelitas-Koro-Allende-Letona-Fundaci%C3%B3n-Novia-Salcedo.jpeg?resize=570%2C143"},"column2-3\/4":{"file":"Claudia-Larrad-Colegio-Sagrado-Coraz\u00f3n-Carmelitas-Koro-Allende-Letona-Fundaci\u00f3n-Novia-Salcedo-570x428.jpeg","width":570,"height":428,"mime_type":"image\/jpeg","source_url":"https:\/\/i0.wp.com\/www.lanaldi.es\/eu\/wp-content\/uploads\/sites\/6\/2019\/01\/Claudia-Larrad-Colegio-Sagrado-Coraz%C3%B3n-Carmelitas-Koro-Allende-Letona-Fundaci%C3%B3n-Novia-Salcedo.jpeg?resize=570%2C428"},"column2-1\/5":{"file":"Claudia-Larrad-Colegio-Sagrado-Coraz\u00f3n-Carmelitas-Koro-Allende-Letona-Fundaci\u00f3n-Novia-Salcedo-570x114.jpeg","width":570,"height":114,"mime_type":"image\/jpeg","source_url":"https:\/\/i0.wp.com\/www.lanaldi.es\/eu\/wp-content\/uploads\/sites\/6\/2019\/01\/Claudia-Larrad-Colegio-Sagrado-Coraz%C3%B3n-Carmelitas-Koro-Allende-Letona-Fundaci%C3%B3n-Novia-Salcedo.jpeg?resize=570%2C114"},"column2-2\/5":{"file":"Claudia-Larrad-Colegio-Sagrado-Coraz\u00f3n-Carmelitas-Koro-Allende-Letona-Fundaci\u00f3n-Novia-Salcedo-570x228.jpeg","width":570,"height":228,"mime_type":"image\/jpeg","source_url":"https:\/\/i0.wp.com\/www.lanaldi.es\/eu\/wp-content\/uploads\/sites\/6\/2019\/01\/Claudia-Larrad-Colegio-Sagrado-Coraz%C3%B3n-Carmelitas-Koro-Allende-Letona-Fundaci%C3%B3n-Novia-Salcedo.jpeg?resize=570%2C228"},"column2-3\/5":{"file":"Claudia-Larrad-Colegio-Sagrado-Coraz\u00f3n-Carmelitas-Koro-Allende-Letona-Fundaci\u00f3n-Novia-Salcedo-570x342.jpeg","width":570,"height":342,"mime_type":"image\/jpeg","source_url":"https:\/\/i0.wp.com\/www.lanaldi.es\/eu\/wp-content\/uploads\/sites\/6\/2019\/01\/Claudia-Larrad-Colegio-Sagrado-Coraz%C3%B3n-Carmelitas-Koro-Allende-Letona-Fundaci%C3%B3n-Novia-Salcedo.jpeg?resize=570%2C342"},"column2-4\/5":{"file":"Claudia-Larrad-Colegio-Sagrado-Coraz\u00f3n-Carmelitas-Koro-Allende-Letona-Fundaci\u00f3n-Novia-Salcedo-570x456.jpeg","width":570,"height":456,"mime_type":"image\/jpeg","source_url":"https:\/\/i0.wp.com\/www.lanaldi.es\/eu\/wp-content\/uploads\/sites\/6\/2019\/01\/Claudia-Larrad-Colegio-Sagrado-Coraz%C3%B3n-Carmelitas-Koro-Allende-Letona-Fundaci%C3%B3n-Novia-Salcedo.jpeg?resize=570%2C456"},"column3-1\/1":{"file":"Claudia-Larrad-Colegio-Sagrado-Coraz\u00f3n-Carmelitas-Koro-Allende-Letona-Fundaci\u00f3n-Novia-Salcedo-380x380.jpeg","width":380,"height":380,"mime_type":"image\/jpeg","source_url":"https:\/\/i0.wp.com\/www.lanaldi.es\/eu\/wp-content\/uploads\/sites\/6\/2019\/01\/Claudia-Larrad-Colegio-Sagrado-Coraz%C3%B3n-Carmelitas-Koro-Allende-Letona-Fundaci%C3%B3n-Novia-Salcedo.jpeg?resize=380%2C380"},"column3-1\/2":{"file":"Claudia-Larrad-Colegio-Sagrado-Coraz\u00f3n-Carmelitas-Koro-Allende-Letona-Fundaci\u00f3n-Novia-Salcedo-380x190.jpeg","width":380,"height":190,"mime_type":"image\/jpeg","source_url":"https:\/\/i0.wp.com\/www.lanaldi.es\/eu\/wp-content\/uploads\/sites\/6\/2019\/01\/Claudia-Larrad-Colegio-Sagrado-Coraz%C3%B3n-Carmelitas-Koro-Allende-Letona-Fundaci%C3%B3n-Novia-Salcedo.jpeg?resize=380%2C190"},"column3-1\/3":{"file":"Claudia-Larrad-Colegio-Sagrado-Coraz\u00f3n-Carmelitas-Koro-Allende-Letona-Fundaci\u00f3n-Novia-Salcedo-380x127.jpeg","width":380,"height":127,"mime_type":"image\/jpeg","source_url":"https:\/\/i0.wp.com\/www.lanaldi.es\/eu\/wp-content\/uploads\/sites\/6\/2019\/01\/Claudia-Larrad-Colegio-Sagrado-Coraz%C3%B3n-Carmelitas-Koro-Allende-Letona-Fundaci%C3%B3n-Novia-Salcedo.jpeg?resize=380%2C127"},"column3-2\/3":{"file":"Claudia-Larrad-Colegio-Sagrado-Coraz\u00f3n-Carmelitas-Koro-Allende-Letona-Fundaci\u00f3n-Novia-Salcedo-380x254.jpeg","width":380,"height":254,"mime_type":"image\/jpeg","source_url":"https:\/\/i0.wp.com\/www.lanaldi.es\/eu\/wp-content\/uploads\/sites\/6\/2019\/01\/Claudia-Larrad-Colegio-Sagrado-Coraz%C3%B3n-Carmelitas-Koro-Allende-Letona-Fundaci%C3%B3n-Novia-Salcedo.jpeg?resize=380%2C254"},"column3-1\/4":{"file":"Claudia-Larrad-Colegio-Sagrado-Coraz\u00f3n-Carmelitas-Koro-Allende-Letona-Fundaci\u00f3n-Novia-Salcedo-380x95.jpeg","width":380,"height":95,"mime_type":"image\/jpeg","source_url":"https:\/\/i0.wp.com\/www.lanaldi.es\/eu\/wp-content\/uploads\/sites\/6\/2019\/01\/Claudia-Larrad-Colegio-Sagrado-Coraz%C3%B3n-Carmelitas-Koro-Allende-Letona-Fundaci%C3%B3n-Novia-Salcedo.jpeg?resize=380%2C95"},"column3-3\/4":{"file":"Claudia-Larrad-Colegio-Sagrado-Coraz\u00f3n-Carmelitas-Koro-Allende-Letona-Fundaci\u00f3n-Novia-Salcedo-380x285.jpeg","width":380,"height":285,"mime_type":"image\/jpeg","source_url":"https:\/\/i0.wp.com\/www.lanaldi.es\/eu\/wp-content\/uploads\/sites\/6\/2019\/01\/Claudia-Larrad-Colegio-Sagrado-Coraz%C3%B3n-Carmelitas-Koro-Allende-Letona-Fundaci%C3%B3n-Novia-Salcedo.jpeg?resize=380%2C285"},"column3-1\/5":{"file":"Claudia-Larrad-Colegio-Sagrado-Coraz\u00f3n-Carmelitas-Koro-Allende-Letona-Fundaci\u00f3n-Novia-Salcedo-380x76.jpeg","width":380,"height":76,"mime_type":"image\/jpeg","source_url":"https:\/\/i0.wp.com\/www.lanaldi.es\/eu\/wp-content\/uploads\/sites\/6\/2019\/01\/Claudia-Larrad-Colegio-Sagrado-Coraz%C3%B3n-Carmelitas-Koro-Allende-Letona-Fundaci%C3%B3n-Novia-Salcedo.jpeg?resize=380%2C76"},"column3-2\/5":{"file":"Claudia-Larrad-Colegio-Sagrado-Coraz\u00f3n-Carmelitas-Koro-Allende-Letona-Fundaci\u00f3n-Novia-Salcedo-380x152.jpeg","width":380,"height":152,"mime_type":"image\/jpeg","source_url":"https:\/\/i0.wp.com\/www.lanaldi.es\/eu\/wp-content\/uploads\/sites\/6\/2019\/01\/Claudia-Larrad-Colegio-Sagrado-Coraz%C3%B3n-Carmelitas-Koro-Allende-Letona-Fundaci%C3%B3n-Novia-Salcedo.jpeg?resize=380%2C152"},"column3-3\/5":{"file":"Claudia-Larrad-Colegio-Sagrado-Coraz\u00f3n-Carmelitas-Koro-Allende-Letona-Fundaci\u00f3n-Novia-Salcedo-380x228.jpeg","width":380,"height":228,"mime_type":"image\/jpeg","source_url":"https:\/\/i0.wp.com\/www.lanaldi.es\/eu\/wp-content\/uploads\/sites\/6\/2019\/01\/Claudia-Larrad-Colegio-Sagrado-Coraz%C3%B3n-Carmelitas-Koro-Allende-Letona-Fundaci%C3%B3n-Novia-Salcedo.jpeg?resize=380%2C228"},"column3-4\/5":{"file":"Claudia-Larrad-Colegio-Sagrado-Coraz\u00f3n-Carmelitas-Koro-Allende-Letona-Fundaci\u00f3n-Novia-Salcedo-380x304.jpeg","width":380,"height":304,"mime_type":"image\/jpeg","source_url":"https:\/\/i0.wp.com\/www.lanaldi.es\/eu\/wp-content\/uploads\/sites\/6\/2019\/01\/Claudia-Larrad-Colegio-Sagrado-Coraz%C3%B3n-Carmelitas-Koro-Allende-Letona-Fundaci%C3%B3n-Novia-Salcedo.jpeg?resize=380%2C304"},"column4-1\/1":{"file":"Claudia-Larrad-Colegio-Sagrado-Coraz\u00f3n-Carmelitas-Koro-Allende-Letona-Fundaci\u00f3n-Novia-Salcedo-285x285.jpeg","width":285,"height":285,"mime_type":"image\/jpeg","source_url":"https:\/\/i0.wp.com\/www.lanaldi.es\/eu\/wp-content\/uploads\/sites\/6\/2019\/01\/Claudia-Larrad-Colegio-Sagrado-Coraz%C3%B3n-Carmelitas-Koro-Allende-Letona-Fundaci%C3%B3n-Novia-Salcedo.jpeg?resize=285%2C285"},"column4-1\/2":{"file":"Claudia-Larrad-Colegio-Sagrado-Coraz\u00f3n-Carmelitas-Koro-Allende-Letona-Fundaci\u00f3n-Novia-Salcedo-285x143.jpeg","width":285,"height":143,"mime_type":"image\/jpeg","source_url":"https:\/\/i0.wp.com\/www.lanaldi.es\/eu\/wp-content\/uploads\/sites\/6\/2019\/01\/Claudia-Larrad-Colegio-Sagrado-Coraz%C3%B3n-Carmelitas-Koro-Allende-Letona-Fundaci%C3%B3n-Novia-Salcedo.jpeg?resize=285%2C143"},"column4-1\/3":{"file":"Claudia-Larrad-Colegio-Sagrado-Coraz\u00f3n-Carmelitas-Koro-Allende-Letona-Fundaci\u00f3n-Novia-Salcedo-285x95.jpeg","width":285,"height":95,"mime_type":"image\/jpeg","source_url":"https:\/\/i0.wp.com\/www.lanaldi.es\/eu\/wp-content\/uploads\/sites\/6\/2019\/01\/Claudia-Larrad-Colegio-Sagrado-Coraz%C3%B3n-Carmelitas-Koro-Allende-Letona-Fundaci%C3%B3n-Novia-Salcedo.jpeg?resize=285%2C95"},"column4-2\/3":{"file":"Claudia-Larrad-Colegio-Sagrado-Coraz\u00f3n-Carmelitas-Koro-Allende-Letona-Fundaci\u00f3n-Novia-Salcedo-285x190.jpeg","width":285,"height":190,"mime_type":"image\/jpeg","source_url":"https:\/\/i0.wp.com\/www.lanaldi.es\/eu\/wp-content\/uploads\/sites\/6\/2019\/01\/Claudia-Larrad-Colegio-Sagrado-Coraz%C3%B3n-Carmelitas-Koro-Allende-Letona-Fundaci%C3%B3n-Novia-Salcedo.jpeg?resize=285%2C190"},"column4-1\/4":{"file":"Claudia-Larrad-Colegio-Sagrado-Coraz\u00f3n-Carmelitas-Koro-Allende-Letona-Fundaci\u00f3n-Novia-Salcedo-285x72.jpeg","width":285,"height":72,"mime_type":"image\/jpeg","source_url":"https:\/\/i0.wp.com\/www.lanaldi.es\/eu\/wp-content\/uploads\/sites\/6\/2019\/01\/Claudia-Larrad-Colegio-Sagrado-Coraz%C3%B3n-Carmelitas-Koro-Allende-Letona-Fundaci%C3%B3n-Novia-Salcedo.jpeg?resize=285%2C72"},"column4-3\/4":{"file":"Claudia-Larrad-Colegio-Sagrado-Coraz\u00f3n-Carmelitas-Koro-Allende-Letona-Fundaci\u00f3n-Novia-Salcedo-285x214.jpeg","width":285,"height":214,"mime_type":"image\/jpeg","source_url":"https:\/\/i0.wp.com\/www.lanaldi.es\/eu\/wp-content\/uploads\/sites\/6\/2019\/01\/Claudia-Larrad-Colegio-Sagrado-Coraz%C3%B3n-Carmelitas-Koro-Allende-Letona-Fundaci%C3%B3n-Novia-Salcedo.jpeg?resize=285%2C214"},"column4-1\/5":{"file":"Claudia-Larrad-Colegio-Sagrado-Coraz\u00f3n-Carmelitas-Koro-Allende-Letona-Fundaci\u00f3n-Novia-Salcedo-285x57.jpeg","width":285,"height":57,"mime_type":"image\/jpeg","source_url":"https:\/\/i0.wp.com\/www.lanaldi.es\/eu\/wp-content\/uploads\/sites\/6\/2019\/01\/Claudia-Larrad-Colegio-Sagrado-Coraz%C3%B3n-Carmelitas-Koro-Allende-Letona-Fundaci%C3%B3n-Novia-Salcedo.jpeg?resize=285%2C57"},"column4-2\/5":{"file":"Claudia-Larrad-Colegio-Sagrado-Coraz\u00f3n-Carmelitas-Koro-Allende-Letona-Fundaci\u00f3n-Novia-Salcedo-285x114.jpeg","width":285,"height":114,"mime_type":"image\/jpeg","source_url":"https:\/\/i0.wp.com\/www.lanaldi.es\/eu\/wp-content\/uploads\/sites\/6\/2019\/01\/Claudia-Larrad-Colegio-Sagrado-Coraz%C3%B3n-Carmelitas-Koro-Allende-Letona-Fundaci%C3%B3n-Novia-Salcedo.jpeg?resize=285%2C114"},"column4-3\/5":{"file":"Claudia-Larrad-Colegio-Sagrado-Coraz\u00f3n-Carmelitas-Koro-Allende-Letona-Fundaci\u00f3n-Novia-Salcedo-285x171.jpeg","width":285,"height":171,"mime_type":"image\/jpeg","source_url":"https:\/\/i0.wp.com\/www.lanaldi.es\/eu\/wp-content\/uploads\/sites\/6\/2019\/01\/Claudia-Larrad-Colegio-Sagrado-Coraz%C3%B3n-Carmelitas-Koro-Allende-Letona-Fundaci%C3%B3n-Novia-Salcedo.jpeg?resize=285%2C171"},"column4-4\/5":{"file":"Claudia-Larrad-Colegio-Sagrado-Coraz\u00f3n-Carmelitas-Koro-Allende-Letona-Fundaci\u00f3n-Novia-Salcedo-285x228.jpeg","width":285,"height":228,"mime_type":"image\/jpeg","source_url":"https:\/\/i0.wp.com\/www.lanaldi.es\/eu\/wp-content\/uploads\/sites\/6\/2019\/01\/Claudia-Larrad-Colegio-Sagrado-Coraz%C3%B3n-Carmelitas-Koro-Allende-Letona-Fundaci%C3%B3n-Novia-Salcedo.jpeg?resize=285%2C228"},"full":{"file":"Claudia-Larrad-Colegio-Sagrado-Coraz%C3%B3n-Carmelitas-Koro-Allende-Letona-Fundaci%C3%B3n-Novia-Salcedo.jpeg?fit=1200%2C1600","width":1200,"height":1600,"mime_type":"image\/jpeg","source_url":"https:\/\/i0.wp.com\/www.lanaldi.es\/eu\/wp-content\/uploads\/sites\/6\/2019\/01\/Claudia-Larrad-Colegio-Sagrado-Coraz%C3%B3n-Carmelitas-Koro-Allende-Letona-Fundaci%C3%B3n-Novia-Salcedo.jpeg?fit=1200%2C1600"}},"image_meta":{"aperture":"0","credit":"","camera":"","caption":"","created_timestamp":"0","copyright":"","focal_length":"0","iso":"0","shutter_speed":"0","title":"","orientation":"0","keywords":[]}},"post":630,"source_url":"http:\/\/www.lanaldi.es\/eu\/wp-content\/uploads\/sites\/6\/2019\/01\/Claudia-Larrad-Colegio-Sagrado-Coraz\u00f3n-Carmelitas-Koro-Allende-Letona-Fundaci\u00f3n-Novia-Salcedo.jpeg","_links":{"self":[{"href":"http:\/\/www.lanaldi.es\/eu\/wp-json\/wp\/v2\/media\/1290","targetHints":{"allow":["GET"]}}],"collection":[{"href":"http:\/\/www.lanaldi.es\/eu\/wp-json\/wp\/v2\/media"}],"about":[{"href":"http:\/\/www.lanaldi.es\/eu\/wp-json\/wp\/v2\/types\/attachment"}],"author":[{"embeddable":true,"href":"http:\/\/www.lanaldi.es\/eu\/wp-json\/wp\/v2\/users\/8"}],"replies":[{"embeddable":true,"href":"http:\/\/www.lanaldi.es\/eu\/wp-json\/wp\/v2\/comments?post=1290"}],"wp:attached-to":[{"embeddable":true,"post_type":"page","id":630,"href":"http:\/\/www.lanaldi.es\/eu\/wp-json\/wp\/v2\/pages\/630"}],"curies":[{"name":"wp","href":"https:\/\/api.w.org\/{rel}","templated":true}]}}